{"id":14792,"date":"2024-04-12T10:10:50","date_gmt":"2024-04-12T10:10:50","guid":{"rendered":"https:\/\/cecasfundacio.cat\/?page_id=14792"},"modified":"2024-06-27T11:19:02","modified_gmt":"2024-06-27T11:19:02","slug":"avis-legal","status":"publish","type":"page","link":"https:\/\/cecasfundacio.cat\/es_es\/avis-legal","title":{"rendered":"Aviso Legal"},"content":{"rendered":"<div data-elementor-type=\"wp-page\" data-elementor-id=\"14792\" class=\"elementor elementor-14792\">\n\t\t\t\t\t\t<section class=\"elementor-section elementor-top-section elementor-element elementor-element-45a632bf elementor-section-stretched elementor-section-content-middle elementor-section-boxed elementor-section-height-default elementor-section-height-default\" data-id=\"45a632bf\" data-element_type=\"section\" data-e-type=\"section\" data-settings=\"{&quot;stretch_section&quot;:&quot;section-stretched&quot;,&quot;background_background&quot;:&quot;classic&quot;}\">\n\t\t\t\t\t\t\t<div class=\"elementor-background-overlay\"><\/div>\n\t\t\t\t\t\t\t<div class=\"elementor-container elementor-column-gap-default\">\n\t\t\t\t\t<div class=\"elementor-column elementor-col-100 elementor-top-column elementor-element elementor-element-7ed7bcea\" data-id=\"7ed7bcea\" data-element_type=\"column\" data-e-type=\"column\">\n\t\t\t<div class=\"elementor-widget-wrap elementor-element-populated\">\n\t\t\t\t\t\t<div class=\"elementor-element elementor-element-414d14e elementor-widget elementor-widget-heading\" data-id=\"414d14e\" data-element_type=\"widget\" data-e-type=\"widget\" data-widget_type=\"heading.default\">\n\t\t\t\t<div class=\"elementor-widget-container\">\n\t\t\t\t\t<h2 class=\"elementor-heading-title elementor-size-default\">AVISO LEGAL<\/h2>\t\t\t\t<\/div>\n\t\t\t\t<\/div>\n\t\t\t\t\t<\/div>\n\t\t<\/div>\n\t\t\t\t\t<\/div>\n\t\t<\/section>\n\t\t<div class=\"elementor-element elementor-element-727b6da e-flex e-con-boxed e-con e-parent\" data-id=\"727b6da\" data-element_type=\"container\" data-e-type=\"container\">\n\t\t\t\t\t<div class=\"e-con-inner\">\n\t\t\t\t<div class=\"elementor-element elementor-element-dd5dafd elementor-widget elementor-widget-text-editor\" data-id=\"dd5dafd\" data-element_type=\"widget\" data-e-type=\"widget\" data-widget_type=\"text-editor.default\">\n\t\t\t\t<div class=\"elementor-widget-container\">\n\t\t\t\t\t\t\t\t\t<p><strong>AVISO LEGAL WEB DE CECAS<\/strong><\/p><p><br \/><strong>1. IDENTIFICACI\u00d3N DEL TITULAR DEL DOMINIO<\/strong><\/p><p><br \/>De acuerdo con lo que dispone el art\u00edculo 10 de la Ley 34\/2002, de 11 de julio, de Servicios de la Sociedad de la Informaci\u00f3n y del Comercio Electr\u00f3nico, <strong>le informamos que:<\/strong><\/p><ul><li>El titular de la web es el <strong>Centro Catal\u00e1n de Solidaridad<\/strong>, con domicilio en c\/ Ba\u00f1os Nuevos n\u00ba 16 08002 (Barcelona), NIF: G17324864 inscrita en el Registro de Fundaciones<\/li><li><strong>Correo electr\u00f3nico de contacto:<\/strong> <span style=\"text-decoration: underline;\"><a href=\"mailto:info@cecasfundacio.cat\">info@cecasfundacio.cat<\/a><\/span><\/li><li><strong>Tel\u00e9fono:<\/strong> 933 177 820<\/li><li><strong>Datos de la autorizaci\u00f3n administrativa:<\/strong> 611<\/li><\/ul><p>\u00a0<\/p><p><strong>2. NORMAS DE USO DEL PORTAL<\/strong><\/p><p><br \/>Quien acceda y utilice este sitio web, tendr\u00e1 la consideraci\u00f3n de usuario. El usuario por el mero hecho de serlo, acepta todas las condiciones de uso.<\/p><p><br \/><strong>2.1. GEN\u00c9RICAS<\/strong><\/p><p><br \/>Est\u00e1 prohibido publicar en esta web, en nuestros blogs, y dem\u00e1s herramientas de participaci\u00f3n de contenidos que atenten contra los siguientes principios:<\/p><p style=\"padding-left: 40px;\"><br \/>a) La salvaguarda del orden p\u00fablico, la investigaci\u00f3n penal, seguridad p\u00fablica y defensa nacional.<br \/>b) La protecci\u00f3n de la salud p\u00fablica o de las personas f\u00edsicas que tengan la condici\u00f3n de consumidores o usuarios.<br \/>c) El respeto a la dignidad de la persona y al principio de no discriminaci\u00f3n por motivos de raza, sexo, opini\u00f3n, nacionalidad, discapacidad o cualquier otra circunstancia personal o social.<br \/>d) La protecci\u00f3n de la juventud y de la infancia.<br \/>e) El respeto a la autonom\u00eda de la voluntad del afectado.<br \/>f) El respeto a la propiedad intelectual de lo publicado.<br \/>g) En general, el respeto a la legalidad vigente.<\/p><p><br \/><strong>2.2. PARTICULARES<\/strong><\/p><p><br \/>El usuario asume la responsabilidad del uso del portal. Esta responsabilidad se extiende al registro necesario para acceder a determinados servicios o contenidos. El usuario ser\u00e1 responsable de aportar informaci\u00f3n veraz y l\u00edcita en el proceso de registro.<\/p><p><br \/>El usuario se compromete a hacer un uso adecuado de los contenidos y servicios que el titular del dominio ofrece a trav\u00e9s de sus websites y herramientas de participaci\u00f3n; con car\u00e1cter enunciativo pero no limitativo, tambi\u00e9n se compromete a no utilizarlas para:<\/p><ul><li>Provocar da\u00f1os en los sistemas f\u00edsicos y l\u00f3gicos del responsable del tratamiento, de sus proveedores o de terceras personas, introducir o difundir en la red virus inform\u00e1ticos o cualquier otro sistema f\u00edsico o l\u00f3gico que sea susceptible de provocar da\u00f1os.<\/li><li>Intentar acceder y, en su caso, utilizar las cuentas de correo electr\u00f3nico de otros usuarios y modificar o manipular sus mensajes.<\/li><\/ul><p><br \/>El titular del dominio se reserva el derecho de retirar todos los comentarios y aportaciones que vulneren el respeto a la dignidad de la persona, que sean discriminatorios, xen\u00f3fobos, racistas, pornogr\u00e1ficos que atenten contra las personas, especialmente, contra los intereses de la juventud o de la infancia, orden o seguridad p\u00fablica o que, no resultaran adecuados para su publicaci\u00f3n a criterio de la direcci\u00f3n del centro.<\/p><p><br \/>En cualquier caso, el titular del dominio no ser\u00e1 responsable de las opiniones manifestadas por los usuarios a trav\u00e9s de los foros, chats, u otras herramientas de participaci\u00f3n.<\/p><p>\u00a0<\/p><p><strong>2.3. USO DE CONTRASE\u00d1AS<\/strong><\/p><p><br \/>Para acceder a determinados contenidos es necesario introducir un c\u00f3digo de usuario y una contrase\u00f1a. Si no dispone de una, puede pedirla al responsable inform\u00e1tico del centro.<\/p><p><br \/>Le informamos que las contrase\u00f1as son personales e intransferibles. El usuario es el \u00fanico responsable de las consecuencias que puedan derivarse del uso de su contrase\u00f1a.<\/p><p><br \/>Para cualquier incidencia con las contrase\u00f1as puede contactar con el responsable inform\u00e1tico del centro.<\/p><p>\u00a0<\/p><p><strong>3. PROPIEDAD INTELECTUAL E INDUSTRIAL<\/strong><\/p><p><br \/>El titular del dominio es titular de todos los derechos de propiedad intelectual e industrial de sus p\u00e1ginas web, as\u00ed como lo es de todo su contenido, de modo que toda reproducci\u00f3n, distribuci\u00f3n y comunicaci\u00f3n p\u00fablica total o parcial de su contenido queda expresamente prohibida sin la autorizaci\u00f3n expresa de la direcci\u00f3n del centro.<\/p><p>\u00a0<\/p><p><strong>4. RESPONSABILIDAD<\/strong><\/p><p><br \/>El titular del dominio no se hace responsable de los da\u00f1os y perjuicios que pudieran derivarse de interferencias o aver\u00edas telef\u00f3nicas, desconexiones en el sistema electr\u00f3nico, presencia de virus inform\u00e1ticos, programas maliciosos o cualquier otro factor ajeno a su control. Tampoco se hace responsable de los contenidos o sistemas de terceros conectados con el dominio del responsable del tratamiento a trav\u00e9s de enlaces.<\/p><p><br \/>El titular del domini es reserva l\u2019exercici de les accions legals que corresponguin contra els que vulnerin aquestes condicions.<\/p><p>\u00a0<\/p><p><strong>5. MODIFICACIONES DE LAS PRESENTES CONDICIONES Y VIGENCIA<\/strong><\/p><p><br \/>El titular del dominio puede modificar estas condiciones en cualquier momento, sin previo aviso, publicando sus modificaciones tal y como aparecen.<\/p><p>\u00a0<\/p><p><strong>6. LEGISLACI\u00d3N APLICABLE Y JURISDICCI\u00d3N<\/strong><\/p><p><br \/>La relaci\u00f3n entre el titular del dominio y el usuario se regir\u00e1 por la normativa espa\u00f1ola vigente y cualquier controversia se someter\u00e1 a los Juzgados y Tribunales que corresponda a la ciudad de Barcelona.<\/p><p>\u00a0<\/p>\t\t\t\t\t\t\t\t<\/div>\n\t\t\t\t<\/div>\n\t\t\t\t\t<\/div>\n\t\t\t\t<\/div>\n\t\t<div class=\"elementor-element elementor-element-a597983 e-flex e-con-boxed e-con e-parent\" data-id=\"a597983\" data-element_type=\"container\" data-e-type=\"container\">\n\t\t\t\t\t<div class=\"e-con-inner\">\n\t\t\t\t<div class=\"elementor-element elementor-element-e2f7cac elementor-widget elementor-widget-spacer\" data-id=\"e2f7cac\" data-element_type=\"widget\" data-e-type=\"widget\" data-widget_type=\"spacer.default\">\n\t\t\t\t<div class=\"elementor-widget-container\">\n\t\t\t\t\t\t\t<div class=\"elementor-spacer\">\n\t\t\t<div class=\"elementor-spacer-inner\"><\/div>\n\t\t<\/div>\n\t\t\t\t\t\t<\/div>\n\t\t\t\t<\/div>\n\t\t\t\t\t<\/div>\n\t\t\t\t<\/div>\n\t\t\t\t<\/div>","protected":false},"excerpt":{"rendered":"<p><strong>AVISO LEGAL WEB DE CECAS<\/strong><\/p>\n<p><strong>1. IDENTIFICACI\u00d3N DEL TITULAR DEL DOMINIO<\/strong><\/p>\n<p>De acuerdo con lo que dispone el art\u00edculo 10 de la Ley 34\/2002, de 11 de julio, de Servicios de la Sociedad de la Informaci\u00f3n y del Comercio Electr\u00f3nico, <strong>le informamos que:<\/strong><\/p>\n<p>\u00a0<\/p>\n<p><strong>2. NORMAS DE USO DEL PORTAL<\/strong><\/p>\n<p>Quien acceda y utilice este sitio web, tendr\u00e1 la consideraci\u00f3n de usuario. El usuario por el mero hecho de serlo, acepta todas las condiciones de uso.<\/p>\n<p><strong>2.1. GEN\u00c9RICAS<\/strong><\/p>\n<p>Est\u00e1 prohibido publicar en esta web, en nuestros blogs, y dem\u00e1s herramientas de participaci\u00f3n de contenidos que atenten contra los siguientes principios:<\/p>\n<p><strong>2.2. PARTICULARES<\/strong><\/p>\n<p>El usuario asume la responsabilidad del uso del portal. Esta responsabilidad se extiende al registro necesario para acceder a determinados servicios o contenidos. El usuario ser\u00e1 responsable de aportar informaci\u00f3n veraz y l\u00edcita en el proceso de registro.<\/p>\n<p>El usuario se compromete a hacer un uso adecuado de los contenidos y servicios que el titular del dominio ofrece a trav\u00e9s de sus websites y herramientas de participaci\u00f3n; con car\u00e1cter enunciativo pero no limitativo, tambi\u00e9n se compromete a no utilizarlas para:<\/p>\n<p>El titular del dominio se reserva el derecho de retirar todos los comentarios y aportaciones que vulneren el respeto a la dignidad de la persona, que sean discriminatorios, xen\u00f3fobos, racistas, pornogr\u00e1ficos que atenten contra las personas, especialmente, contra los intereses de la juventud o de la infancia, orden o seguridad p\u00fablica o que, no resultaran adecuados para su publicaci\u00f3n a criterio de la direcci\u00f3n del centro.<\/p>\n<p>En cualquier caso, el titular del dominio no ser\u00e1 responsable de las opiniones manifestadas por los usuarios a trav\u00e9s de los foros, chats, u otras herramientas de participaci\u00f3n.<\/p>\n<p>\u00a0<\/p>\n<p><strong>2.3. USO DE CONTRASE\u00d1AS<\/strong><\/p>\n<p>Para acceder a determinados contenidos es necesario introducir un c\u00f3digo de usuario y una contrase\u00f1a. Si no dispone de una, puede pedirla al responsable inform\u00e1tico del centro.<\/p>\n<p>Le informamos que las contrase\u00f1as son personales e intransferibles. El usuario es el \u00fanico responsable de las consecuencias que puedan derivarse del uso de su contrase\u00f1a.<\/p>\n<p>Para cualquier incidencia con las contrase\u00f1as puede contactar con el responsable inform\u00e1tico del centro.<\/p>\n<p>\u00a0<\/p>\n<p><strong>3. PROPIEDAD INTELECTUAL E INDUSTRIAL<\/strong><\/p>\n<p>El titular del dominio es titular de todos los derechos de propiedad intelectual e industrial de sus p\u00e1ginas web, as\u00ed como lo es de todo su contenido, de modo que toda reproducci\u00f3n, distribuci\u00f3n y comunicaci\u00f3n p\u00fablica total o parcial de su contenido queda expresamente prohibida sin la autorizaci\u00f3n expresa de la direcci\u00f3n del centro.<\/p>\n<p>\u00a0<\/p>\n<p><strong>4. RESPONSABILIDAD<\/strong><\/p>\n<p>El titular del dominio no se hace responsable de los da\u00f1os y perjuicios que pudieran derivarse de interferencias o aver\u00edas telef\u00f3nicas, desconexiones en el sistema electr\u00f3nico, presencia de virus inform\u00e1ticos, programas maliciosos o cualquier otro factor ajeno a su control. Tampoco se hace responsable de los contenidos o sistemas de terceros conectados con el dominio del responsable del tratamiento a trav\u00e9s de enlaces.<\/p>\n<p>El titular del domini es reserva l\u2019exercici de les accions legals que corresponguin contra els que vulnerin aquestes condicions.<\/p>\n<p>\u00a0<\/p>\n<p><strong>5. MODIFICACIONES DE LAS PRESENTES CONDICIONES Y VIGENCIA<\/strong><\/p>\n<p>El titular del dominio puede modificar estas condiciones en cualquier momento, sin previo aviso, publicando sus modificaciones tal y como aparecen.<\/p>\n<p>\u00a0<\/p>\n<p><strong>6. LEGISLACI\u00d3N APLICABLE Y JURISDICCI\u00d3N<\/strong><\/p>\n<p>La relaci\u00f3n entre el titular del dominio y el usuario se regir\u00e1 por la normativa espa\u00f1ola vigente y cualquier controversia se someter\u00e1 a los Juzgados y Tribunales que corresponda a la ciudad de Barcelona.<\/p>\n<p>\u00a0<\/p>","protected":false},"author":1,"featured_media":0,"parent":0,"menu_order":0,"comment_status":"closed","ping_status":"closed","template":"","meta":{"footnotes":""},"class_list":["post-14792","page","type-page","status-publish","hentry"],"rttpg_featured_image_url":null,"rttpg_author":{"display_name":"admin","author_link":"https:\/\/cecasfundacio.cat\/es_es\/blog\/author\/hostserver_sqm3tyyo"},"rttpg_comment":0,"rttpg_category":null,"rttpg_excerpt":"AV\u00cdS LEGAL WEB DE CECAS 1. IDENTIFICACI\u00d3 DEL TITULAR DEL DOMINI D\u2019acord amb el que disposa l\u2019article 10 de la Llei 34\/2002, de 11 de juliol, de Serveis de la Societat de la Informaci\u00f3 i del Comer\u00e7 Electr\u00f2nic, us informem que: \u00a0 2. NORMES D\u2019\u00daS DEL PORTAL Qui accedeixi i faci servir aquest lloc web,&hellip;","_links":{"self":[{"href":"https:\/\/cecasfundacio.cat\/es_es\/wp-json\/wp\/v2\/pages\/14792","targetHints":{"allow":["GET"]}}],"collection":[{"href":"https:\/\/cecasfundacio.cat\/es_es\/wp-json\/wp\/v2\/pages"}],"about":[{"href":"https:\/\/cecasfundacio.cat\/es_es\/wp-json\/wp\/v2\/types\/page"}],"author":[{"embeddable":true,"href":"https:\/\/cecasfundacio.cat\/es_es\/wp-json\/wp\/v2\/users\/1"}],"replies":[{"embeddable":true,"href":"https:\/\/cecasfundacio.cat\/es_es\/wp-json\/wp\/v2\/comments?post=14792"}],"version-history":[{"count":28,"href":"https:\/\/cecasfundacio.cat\/es_es\/wp-json\/wp\/v2\/pages\/14792\/revisions"}],"predecessor-version":[{"id":16838,"href":"https:\/\/cecasfundacio.cat\/es_es\/wp-json\/wp\/v2\/pages\/14792\/revisions\/16838"}],"wp:attachment":[{"href":"https:\/\/cecasfundacio.cat\/es_es\/wp-json\/wp\/v2\/media?parent=14792"}],"curies":[{"name":"wp","href":"https:\/\/api.w.org\/{rel}","templated":true}]}}